{"id":6741,"date":"2019-02-06T18:21:21","date_gmt":"2019-02-06T17:21:21","guid":{"rendered":"http:\/\/livre-europeen.eu\/?page_id=6741"},"modified":"2025-06-29T12:39:27","modified_gmt":"2025-06-29T11:39:27","slug":"le-comite-de-parrainage","status":"publish","type":"page","link":"http:\/\/livre-europeen.eu\/?page_id=6741","title":{"rendered":"Le comit\u00e9 de parrainage"},"content":{"rendered":"<h3 style=\"text-align: center;\">Le comit\u00e9 de parrainage 2025<\/h3>\n<p>Le comit\u00e9 de parrainage est compos\u00e9 de personnalit\u00e9s reconnues pour leur engagement en faveur de la construction europ\u00e9enne.<\/p>\n<div class=\"pt-cv-wrapper\"><div class=\"pt-cv-view pt-cv-grid pt-cv-colsys\" id=\"pt-cv-view-ca17020egr\"><div data-id=\"pt-cv-page-1\" class=\"pt-cv-page\" data-cvc=\"5\"><div class=\"col-md-2 col-sm-6 col-xs-12 pt-cv-content-item pt-cv-1-col\"  data-pid=\"2565\"><div class='pt-cv-ifield'><a href=\"http:\/\/livre-europeen.eu\/?p=2565\" class=\"_self pt-cv-href-thumbnail pt-cv-thumb-default cvplbd cvp-responsive-image img-none\" target=\"_self\" data-iw=\"300\" data-ih=\"300\"><img loading=\"lazy\" decoding=\"async\" width=\"208\" height=\"208\" src=\"http:\/\/livre-europeen.eu\/wp-content\/uploads\/2014\/09\/Pascal-Lamy.png\" class=\"pt-cv-thumbnail img-none no-lazyload \" alt=\"Pascal Lamy\" srcset=\"http:\/\/livre-europeen.eu\/wp-content\/uploads\/2014\/09\/Pascal-Lamy.png 208w, http:\/\/livre-europeen.eu\/wp-content\/uploads\/2014\/09\/Pascal-Lamy-150x150.png 150w\" sizes=\"(max-width: 208px) 100vw, 208px\" \/><\/a>\n<h4 class=\"pt-cv-title\"><a href=\"http:\/\/livre-europeen.eu\/?p=2565\" class=\"_self cvplbd\" target=\"_self\" data-iw=\"300\" data-ih=\"300\">Pascal Lamy<\/a><\/h4><\/div><\/div>\n<div class=\"col-md-2 col-sm-6 col-xs-12 pt-cv-content-item pt-cv-1-col\"  data-pid=\"10626\"><div class='pt-cv-ifield'><a href=\"http:\/\/livre-europeen.eu\/?p=10626\" class=\"_self pt-cv-href-thumbnail pt-cv-thumb-default cvplbd cvp-responsive-image img-none\" target=\"_self\" data-iw=\"300\" data-ih=\"300\"><img loading=\"lazy\" decoding=\"async\" width=\"300\" height=\"300\" src=\"http:\/\/livre-europeen.eu\/wp-content\/uploads\/2000\/08\/da-empoli-ok-300x300.png\" class=\"pt-cv-thumbnail img-none no-lazyload \" alt=\"da empoli ok\" srcset=\"http:\/\/livre-europeen.eu\/wp-content\/uploads\/2000\/08\/da-empoli-ok-300x300.png 300w, http:\/\/livre-europeen.eu\/wp-content\/uploads\/2000\/08\/da-empoli-ok-150x150.png 150w, http:\/\/livre-europeen.eu\/wp-content\/uploads\/2000\/08\/da-empoli-ok.png 460w\" sizes=\"(max-width: 300px) 100vw, 300px\" \/><\/a>\n<h4 class=\"pt-cv-title\"><a href=\"http:\/\/livre-europeen.eu\/?p=10626\" class=\"_self cvplbd\" target=\"_self\" data-iw=\"300\" data-ih=\"300\">Giuliano da Empoli<\/a><\/h4><\/div><\/div>\n<div class=\"col-md-2 col-sm-6 col-xs-12 pt-cv-content-item pt-cv-1-col\"  data-pid=\"5765\"><div class='pt-cv-ifield'><a href=\"http:\/\/livre-europeen.eu\/?p=5765\" class=\"_self pt-cv-href-thumbnail pt-cv-thumb-default cvplbd cvp-responsive-image img-none\" target=\"_self\" data-iw=\"300\" data-ih=\"300\"><img loading=\"lazy\" decoding=\"async\" width=\"200\" height=\"200\" src=\"http:\/\/livre-europeen.eu\/wp-content\/uploads\/2017\/05\/Klaus_Welle.jpg\" class=\"pt-cv-thumbnail img-none no-lazyload \" alt=\"Klaus Welle\" srcset=\"http:\/\/livre-europeen.eu\/wp-content\/uploads\/2017\/05\/Klaus_Welle.jpg 200w, http:\/\/livre-europeen.eu\/wp-content\/uploads\/2017\/05\/Klaus_Welle-150x150.jpg 150w\" sizes=\"(max-width: 200px) 100vw, 200px\" \/><\/a>\n<h4 class=\"pt-cv-title\"><a href=\"http:\/\/livre-europeen.eu\/?p=5765\" class=\"_self cvplbd\" target=\"_self\" data-iw=\"300\" data-ih=\"300\">Klaus Welle<\/a><\/h4><\/div><\/div>\n<div class=\"col-md-2 col-sm-6 col-xs-12 pt-cv-content-item pt-cv-1-col\"  data-pid=\"2551\"><div class='pt-cv-ifield'><a href=\"http:\/\/livre-europeen.eu\/?p=2551\" class=\"_self pt-cv-href-thumbnail pt-cv-thumb-default cvplbd cvp-responsive-image img-none\" target=\"_self\" data-iw=\"300\" data-ih=\"300\"><img loading=\"lazy\" decoding=\"async\" width=\"200\" height=\"200\" src=\"http:\/\/livre-europeen.eu\/wp-content\/uploads\/2014\/10\/photo-Etienne-davignon.jpg\" class=\"pt-cv-thumbnail img-none no-lazyload \" alt=\"\u00c9tienne Davignon\" srcset=\"http:\/\/livre-europeen.eu\/wp-content\/uploads\/2014\/10\/photo-Etienne-davignon.jpg 200w, http:\/\/livre-europeen.eu\/wp-content\/uploads\/2014\/10\/photo-Etienne-davignon-150x150.jpg 150w\" sizes=\"(max-width: 200px) 100vw, 200px\" \/><\/a>\n<h4 class=\"pt-cv-title\"><a href=\"http:\/\/livre-europeen.eu\/?p=2551\" class=\"_self cvplbd\" target=\"_self\" data-iw=\"300\" data-ih=\"300\">\u00c9tienne Davignon<\/a><\/h4><\/div><\/div>\n<div class=\"col-md-4 col-sm-6 col-xs-12 pt-cv-content-item pt-cv-1-col\"  data-pid=\"2554\"><div class='pt-cv-ifield'><a href=\"http:\/\/livre-europeen.eu\/?p=2554\" class=\"_self pt-cv-href-thumbnail pt-cv-thumb-default cvplbd cvp-responsive-image img-none\" target=\"_self\" data-iw=\"300\" data-ih=\"300\"><img loading=\"lazy\" decoding=\"async\" width=\"200\" height=\"200\" src=\"http:\/\/livre-europeen.eu\/wp-content\/uploads\/2014\/09\/Baron-Crespo.png\" class=\"pt-cv-thumbnail img-none no-lazyload \" alt=\"Enrique Bar\u00f3n Crespo\" srcset=\"http:\/\/livre-europeen.eu\/wp-content\/uploads\/2014\/09\/Baron-Crespo.png 200w, http:\/\/livre-europeen.eu\/wp-content\/uploads\/2014\/09\/Baron-Crespo-150x150.png 150w\" sizes=\"(max-width: 200px) 100vw, 200px\" \/><\/a>\n<h4 class=\"pt-cv-title\"><a href=\"http:\/\/livre-europeen.eu\/?p=2554\" class=\"_self cvplbd\" target=\"_self\" data-iw=\"300\" data-ih=\"300\">Enrique Bar\u00f3n Crespo<\/a><\/h4><\/div><\/div>\n<div class=\"col-md-2 col-sm-6 col-xs-12 pt-cv-content-item pt-cv-1-col\"  data-pid=\"6859\"><div class='pt-cv-ifield'><a href=\"http:\/\/livre-europeen.eu\/?p=6859\" class=\"_self pt-cv-href-thumbnail pt-cv-thumb-default cvplbd cvp-responsive-image img-none\" target=\"_self\" data-iw=\"300\" data-ih=\"300\"><img loading=\"lazy\" decoding=\"async\" width=\"150\" height=\"150\" src=\"http:\/\/livre-europeen.eu\/wp-content\/uploads\/2019\/09\/D.Macshane-150x150-1.jpg\" class=\"pt-cv-thumbnail img-none no-lazyload \" alt=\"Denis MacShane\" \/><\/a>\n<h4 class=\"pt-cv-title\"><a href=\"http:\/\/livre-europeen.eu\/?p=6859\" class=\"_self cvplbd\" target=\"_self\" data-iw=\"300\" data-ih=\"300\">Denis MacShane<\/a><\/h4><\/div><\/div>\n<div class=\"col-md-2 col-sm-6 col-xs-12 pt-cv-content-item pt-cv-1-col\"  data-pid=\"11269\"><div class='pt-cv-ifield'><a href=\"http:\/\/livre-europeen.eu\/?p=11269\" class=\"_self pt-cv-href-thumbnail pt-cv-thumb-default cvplbd cvp-responsive-image img-none\" target=\"_self\" data-iw=\"300\" data-ih=\"300\"><img loading=\"lazy\" decoding=\"async\" width=\"300\" height=\"300\" src=\"http:\/\/livre-europeen.eu\/wp-content\/uploads\/2020\/07\/genevievepons-1-300x300.jpg\" class=\"pt-cv-thumbnail img-none no-lazyload \" alt=\"Genevi\u00e8ve Pons\" srcset=\"http:\/\/livre-europeen.eu\/wp-content\/uploads\/2020\/07\/genevievepons-1-300x300.jpg 300w, http:\/\/livre-europeen.eu\/wp-content\/uploads\/2020\/07\/genevievepons-1-150x150.jpg 150w, http:\/\/livre-europeen.eu\/wp-content\/uploads\/2020\/07\/genevievepons-1.jpg 533w\" sizes=\"(max-width: 300px) 100vw, 300px\" \/><\/a>\n<h4 class=\"pt-cv-title\"><a href=\"http:\/\/livre-europeen.eu\/?p=11269\" class=\"_self cvplbd\" target=\"_self\" data-iw=\"300\" data-ih=\"300\">Genevi\u00e8ve Pons<\/a><\/h4><\/div><\/div>\n<div class=\"col-md-2 col-sm-6 col-xs-12 pt-cv-content-item pt-cv-1-col\"  data-pid=\"11589\"><div class='pt-cv-ifield'><a href=\"http:\/\/livre-europeen.eu\/?p=11589\" class=\"_self pt-cv-href-thumbnail pt-cv-thumb-default cvplbd cvp-responsive-image img-none\" target=\"_self\" data-iw=\"300\" data-ih=\"300\"><img loading=\"lazy\" decoding=\"async\" width=\"300\" height=\"300\" src=\"http:\/\/livre-europeen.eu\/wp-content\/uploads\/2021\/06\/Draguet-300x300.jpg\" class=\"pt-cv-thumbnail img-none no-lazyload \" alt=\"Michel Draguet\" srcset=\"http:\/\/livre-europeen.eu\/wp-content\/uploads\/2021\/06\/Draguet-300x300.jpg 300w, http:\/\/livre-europeen.eu\/wp-content\/uploads\/2021\/06\/Draguet-150x150.jpg 150w, http:\/\/livre-europeen.eu\/wp-content\/uploads\/2021\/06\/Draguet-768x768.jpg 768w, http:\/\/livre-europeen.eu\/wp-content\/uploads\/2021\/06\/Draguet.jpg 775w\" sizes=\"(max-width: 300px) 100vw, 300px\" \/><\/a>\n<h4 class=\"pt-cv-title\"><a href=\"http:\/\/livre-europeen.eu\/?p=11589\" class=\"_self cvplbd\" target=\"_self\" data-iw=\"300\" data-ih=\"300\">Michel Draguet<\/a><\/h4><\/div><\/div>\n<div class=\"col-md-2 col-sm-6 col-xs-12 pt-cv-content-item pt-cv-1-col\"  data-pid=\"11592\"><div class='pt-cv-ifield'><a href=\"http:\/\/livre-europeen.eu\/?p=11592\" class=\"_self pt-cv-href-thumbnail pt-cv-thumb-default cvplbd cvp-responsive-image img-none\" target=\"_self\" data-iw=\"300\" data-ih=\"300\"><img loading=\"lazy\" decoding=\"async\" width=\"300\" height=\"300\" src=\"http:\/\/livre-europeen.eu\/wp-content\/uploads\/2021\/06\/Aglaia-300x300.jpg\" class=\"pt-cv-thumbnail img-none no-lazyload \" alt=\"Aglaia\" srcset=\"http:\/\/livre-europeen.eu\/wp-content\/uploads\/2021\/06\/Aglaia-300x300.jpg 300w, http:\/\/livre-europeen.eu\/wp-content\/uploads\/2021\/06\/Aglaia-150x150.jpg 150w, http:\/\/livre-europeen.eu\/wp-content\/uploads\/2021\/06\/Aglaia-768x768.jpg 768w, http:\/\/livre-europeen.eu\/wp-content\/uploads\/2021\/06\/Aglaia.jpg 775w\" sizes=\"(max-width: 300px) 100vw, 300px\" \/><\/a>\n<h4 class=\"pt-cv-title\"><a href=\"http:\/\/livre-europeen.eu\/?p=11592\" class=\"_self cvplbd\" target=\"_self\" data-iw=\"300\" data-ih=\"300\">Aglaia Balta<\/a><\/h4><\/div><\/div>\n<div class=\"col-md-4 col-sm-6 col-xs-12 pt-cv-content-item pt-cv-1-col\"  data-pid=\"11992\"><div class='pt-cv-ifield'><a href=\"http:\/\/livre-europeen.eu\/?p=11992\" class=\"_self pt-cv-href-thumbnail pt-cv-thumb-default cvplbd cvp-responsive-image img-none\" target=\"_self\" data-iw=\"300\" data-ih=\"300\"><img loading=\"lazy\" decoding=\"async\" width=\"300\" height=\"300\" src=\"http:\/\/livre-europeen.eu\/wp-content\/uploads\/2023\/07\/Photo-Franc\u0327ois-Gabriel-PLE23-300x300.png\" class=\"pt-cv-thumbnail img-none no-lazyload \" alt=\"Fran\u00e7ois Gabriel\" srcset=\"http:\/\/livre-europeen.eu\/wp-content\/uploads\/2023\/07\/Photo-Franc\u0327ois-Gabriel-PLE23-300x300.png 300w, http:\/\/livre-europeen.eu\/wp-content\/uploads\/2023\/07\/Photo-Franc\u0327ois-Gabriel-PLE23-150x150.png 150w, http:\/\/livre-europeen.eu\/wp-content\/uploads\/2023\/07\/Photo-Franc\u0327ois-Gabriel-PLE23.png 305w\" sizes=\"(max-width: 300px) 100vw, 300px\" \/><\/a>\n<h4 class=\"pt-cv-title\"><a href=\"http:\/\/livre-europeen.eu\/?p=11992\" class=\"_self cvplbd\" target=\"_self\" data-iw=\"300\" data-ih=\"300\">Fran\u00e7ois Gabriel<\/a><\/h4><\/div><\/div>\n<div class=\"col-md-2 col-sm-6 col-xs-12 pt-cv-content-item pt-cv-1-col\"  data-pid=\"11995\"><div class='pt-cv-ifield'><a href=\"http:\/\/livre-europeen.eu\/?p=11995\" class=\"_self pt-cv-href-thumbnail pt-cv-thumb-default cvplbd cvp-responsive-image img-none\" target=\"_self\" data-iw=\"300\" data-ih=\"300\"><img loading=\"lazy\" decoding=\"async\" width=\"300\" height=\"300\" src=\"http:\/\/livre-europeen.eu\/wp-content\/uploads\/2023\/07\/Micha\u0142-Kurtyka-photo-PLE23-300x300.png\" class=\"pt-cv-thumbnail img-none no-lazyload \" alt=\"Michal Kurtyka\" srcset=\"http:\/\/livre-europeen.eu\/wp-content\/uploads\/2023\/07\/Micha\u0142-Kurtyka-photo-PLE23-300x300.png 300w, http:\/\/livre-europeen.eu\/wp-content\/uploads\/2023\/07\/Micha\u0142-Kurtyka-photo-PLE23-150x150.png 150w, http:\/\/livre-europeen.eu\/wp-content\/uploads\/2023\/07\/Micha\u0142-Kurtyka-photo-PLE23.png 305w\" sizes=\"(max-width: 300px) 100vw, 300px\" \/><\/a>\n<h4 class=\"pt-cv-title\"><a href=\"http:\/\/livre-europeen.eu\/?p=11995\" class=\"_self cvplbd\" target=\"_self\" data-iw=\"300\" data-ih=\"300\">Michal Kurtyka<\/a><\/h4><\/div><\/div>\n<div class=\"col-md-2 col-sm-6 col-xs-12 pt-cv-content-item pt-cv-1-col\"  data-pid=\"12318\"><div class='pt-cv-ifield'><a href=\"http:\/\/livre-europeen.eu\/?p=12318\" class=\"_self pt-cv-href-thumbnail pt-cv-thumb-default cvplbd cvp-responsive-image img-none\" target=\"_self\" data-iw=\"300\" data-ih=\"300\"><img decoding=\"async\" width=\"300\" src=\"http:\/\/livre-europeen.eu\/wp-content\/uploads\/2024\/10\/Marius-Hansteen-150x150.png\" class=\"pt-cv-thumbnail img-none cvp-substitute no-lazyload \" alt=\"Marius Hansteen\" title=\"\" style=\"width: 300px;\" \/><\/a>\n<h4 class=\"pt-cv-title\"><a href=\"http:\/\/livre-europeen.eu\/?p=12318\" class=\"_self cvplbd\" target=\"_self\" data-iw=\"300\" data-ih=\"300\">Marius Hansteen<\/a><\/h4><\/div><\/div><\/div><\/div><\/div>\t\t\t<style type=\"text\/css\" id=\"pt-cv-inline-style-e458c4dwy7\">#pt-cv-view-ca17020egr.pt-cv-post-border { margin: 0; border-top-width: 1px; border-left-width: 1px }\n#pt-cv-view-ca17020egr.pt-cv-post-border { margin: 0; border-top-style: solid; border-left-style: solid }\n#pt-cv-view-ca17020egr.pt-cv-post-border .pt-cv-content-item   { border-right-width: 1px; border-bottom-width: 1px; border-right-style: solid; border-bottom-style: solid; }\n#pt-cv-view-ca17020egr .pt-cv-title a, #pt-cv-view-ca17020egr  .panel-title { font-family: 'Montserrat', Arial, serif !important; font-size: 20px !important; color: #000000 !important; display: block !important; text-align: left !important; clear: both !important; line-height: 1 !important; }\n#pt-cv-view-ca17020egr  .pt-cv-title a:hover, #pt-cv-view-ca17020egr  .panel-title:hover   { font-family: 'Montserrat', Arial, serif !important; font-size: 20px !important; color: #ce2a35 !important; display: block !important; text-align: left !important; clear: both !important; line-height: 1 !important; }\n#pt-cv-view-ca17020egr  .pt-cv-hover-wrapper::before   { background-color: rgba(0,0,0,.3) !important; }\n#pt-cv-view-ca17020egr  .pt-cv-content-item:hover .pt-cv-hover-wrapper::before   { background-color: rgba(51,51,51,.6) !important; }\n#pt-cv-view-ca17020egr:not(.pt-cv-nohover) .pt-cv-mask *   { color: #fff; }\n#pt-cv-view-ca17020egr .pt-cv-meta-fields .glyphicon {font-family: 'Glyphicons Halflings' !important; line-height: 1 !important;}\n#pt-cv-view-ca17020egr .pt-cv-meta-fields * { font-family: 'Montserrat', Arial, serif !important; font-size: 11px !important; line-height: 1.3 !important; color: #000000 !important; font-weight: 600 !important; }\n#pt-cv-view-ca17020egr .pt-cv-specialp { background-color: #CC3333 !important }\n#pt-cv-view-ca17020egr .pt-cv-specialp * { color: #fff !important; }\n#pt-cv-view-ca17020egr .pt-cv-pficon  { color: #bbb !important; }\n#pt-cv-view-ca17020egr .pt-cv-custom-fields * { font-size: 12px !important; line-height: 1.3 !important; }\n#pt-cv-view-ca17020egr  .add_to_cart_button, #pt-cv-view-ca17020egr  .add_to_cart_button *   { color: #ffffff !important; background-color: #00aeef !important; }\n#pt-cv-view-ca17020egr  .woocommerce-onsale   { color: #ffffff !important; background-color: #ff5a5f !important; }\n#pt-cv-view-ca17020egr .pt-cv-readmore  { font-family: 'Montserrat', Arial, serif !important; color: #000000 !important; margin-left: auto !important; margin-right: auto !important; float: none !important; display: table !important; text-align: center !important; clear: both !important; }\n#pt-cv-view-ca17020egr .pt-cv-readmore:hover  { font-family: 'Montserrat', Arial, serif !important; color: #ce2a35 !important; margin-left: auto !important; margin-right: auto !important; float: none !important; display: table !important; text-align: center !important; clear: both !important; }\n#pt-cv-view-ca17020egr  + .pt-cv-pagination-wrapper .pt-cv-more , #pt-cv-view-ca17020egr  + .pt-cv-pagination-wrapper .pagination .active a { color: #ffffff !important; background-color: #00aeef !important; }\n[id^='pt-cv-filter-bar-ca17020egr'] .active.pt-cv-filter-option, [id^='pt-cv-filter-bar-ca17020egr'] .active .pt-cv-filter-option, [id^='pt-cv-filter-bar-ca17020egr'] .selected.pt-cv-filter-option, [id^='pt-cv-filter-bar-ca17020egr'] .dropdown-toggle   { color: #fff !important; background-color: #00aeef !important; }\n[id^='pt-cv-filter-bar-ca17020egr'] .pt-cv-filter-title   { color: #fff !important; background-color: #00aeef !important; }\n#pt-cv-gls-ca17020egr li a.pt-active   { color: #fff !important; background-color: #ff5a5f !important; }\n#pt-cv-view-ca17020egr .pt-cv-gls-header  { color: #fff !important; background-color: #00aeef !important; }\n#pt-cv-view-ca17020egr .cvp-responsive-image[style*=\"background-image\"] { width: 300px; height: 300px; }<\/style>\r\n\t\t\t<link href='\/\/fonts.googleapis.com\/css?family=Montserrat' rel='stylesheet' type='text\/css'>\n","protected":false},"excerpt":{"rendered":"<p> &#8230; <a class=\"read-more\" href=\"http:\/\/livre-europeen.eu\/?page_id=6741\">en savoir plus<\/a><\/p>\n","protected":false},"author":1,"featured_media":0,"parent":0,"menu_order":0,"comment_status":"closed","ping_status":"closed","template":"","meta":{"footnotes":""},"wps_subtitle":"","_links":{"self":[{"href":"http:\/\/livre-europeen.eu\/index.php?rest_route=\/wp\/v2\/pages\/6741"}],"collection":[{"href":"http:\/\/livre-europeen.eu\/index.php?rest_route=\/wp\/v2\/pages"}],"about":[{"href":"http:\/\/livre-europeen.eu\/index.php?rest_route=\/wp\/v2\/types\/page"}],"author":[{"embeddable":true,"href":"http:\/\/livre-europeen.eu\/index.php?rest_route=\/wp\/v2\/users\/1"}],"replies":[{"embeddable":true,"href":"http:\/\/livre-europeen.eu\/index.php?rest_route=%2Fwp%2Fv2%2Fcomments&post=6741"}],"version-history":[{"count":18,"href":"http:\/\/livre-europeen.eu\/index.php?rest_route=\/wp\/v2\/pages\/6741\/revisions"}],"predecessor-version":[{"id":12404,"href":"http:\/\/livre-europeen.eu\/index.php?rest_route=\/wp\/v2\/pages\/6741\/revisions\/12404"}],"wp:attachment":[{"href":"http:\/\/livre-europeen.eu\/index.php?rest_route=%2Fwp%2Fv2%2Fmedia&parent=6741"}],"curies":[{"name":"wp","href":"https:\/\/api.w.org\/{rel}","templated":true}]}}